{"id":28449,"date":"2016-09-14T23:49:55","date_gmt":"2016-09-14T23:49:55","guid":{"rendered":"https:\/\/egoclinic.pt\/PT\/?page_id=28449"},"modified":"2019-01-29T16:16:07","modified_gmt":"2019-01-29T16:16:07","slug":"perguntas-frequentes","status":"publish","type":"page","link":"https:\/\/egoclinic.pt\/PT\/perguntas-frequentes\/","title":{"rendered":"Perguntas frequentes"},"content":{"rendered":"<p>[et_pb_section bb_built=&#8221;1&#8243; admin_label=&#8221;section&#8221; fullwidth=&#8221;on&#8221; custom_padding_last_edited=&#8221;on|desktop&#8221; _builder_version=&#8221;3.0.74&#8243; custom_padding_tablet=&#8221;50px|0|50px|0&#8243; padding_mobile=&#8221;off&#8221; next_background_color=&#8221;#000000&#8243;][et_pb_fullwidth_header title=&#8221;Perguntas Frequentes&#8221; _builder_version=&#8221;3.7&#8243; background_color=&#8221;#3d4b59&#8243; background_size=&#8221;initial&#8221; background_position=&#8221;top_left&#8221; background_repeat=&#8221;repeat&#8221; background_image=&#8221;https:\/\/egoclinic.pt\/PT\/wp-content\/uploads\/2018\/06\/tild3636-6265-4163-b562-616631623338__fonemma.png&#8221;]<\/p>\n<p>&nbsp;<\/p>\n<p>[\/et_pb_fullwidth_header][\/et_pb_section][et_pb_section bb_built=&#8221;1&#8243; admin_label=&#8221;section&#8221; custom_padding_last_edited=&#8221;on|desktop&#8221; _builder_version=&#8221;3.0.74&#8243; custom_padding_tablet=&#8221;50px|0|50px|0&#8243; transparent_background=&#8221;off&#8221; padding_mobile=&#8221;off&#8221; prev_background_color=&#8221;#000000&#8243;][et_pb_row admin_label=&#8221;row&#8221; padding_mobile=&#8221;off&#8221; column_padding_mobile=&#8221;on&#8221; _builder_version=&#8221;3.0.47&#8243; background_size=&#8221;initial&#8221; background_position=&#8221;top_left&#8221; background_repeat=&#8221;repeat&#8221;][et_pb_column type=&#8221;4_4&#8243;][et_pb_accordion _builder_version=&#8221;3.9&#8243; use_border_color=&#8221;off&#8221; border_color=&#8221;#ffffff&#8221; border_width=&#8221;1px&#8221; border_style=&#8221;solid&#8221; closed_toggle_text_color=&#8221;#0c71c3&#8243; open_toggle_text_color=&#8221;#0c71c3&#8243;][et_pb_accordion_item title=&#8221;Estarei a desenvolver uma doen\u00e7a psiqui\u00e1trica ?&#8221; open=&#8221;on&#8221; _builder_version=&#8221;3.9&#8243; title_text_shadow_horizontal_length=&#8221;0em&#8221; title_text_shadow_vertical_length=&#8221;0em&#8221; title_text_shadow_blur_strength=&#8221;0em&#8221; body_text_shadow_horizontal_length=&#8221;0em&#8221; body_text_shadow_vertical_length=&#8221;0em&#8221; body_text_shadow_blur_strength=&#8221;0em&#8221; use_border_color=&#8221;off&#8221; border_color=&#8221;#ffffff&#8221; border_width=&#8221;1px&#8221; border_style=&#8221;solid&#8221;]<\/p>\n<div class=\"maincolright\">\n<div class=\"cabin\"><\/div>\n<div class=\"colleftin\">\n<div class=\"inartwrap\">\n<div class=\"inarttext\">\n<p>Na sociedade actual e sob o stress a que todos estamos sujeitos, s\u00e3o frequentes queixas do foro psiqui\u00e1trico como a ins\u00f3nia, a ansiedade, a falta de concentra\u00e7\u00e3o, as dificuldades na mem\u00f3ria, o cansa\u00e7o excessivo, a falta de motiva\u00e7\u00e3o, o humor depressivo, etc.<\/p>\n<p>Nem sempre a presen\u00e7a destes sintomas reflecte a presen\u00e7a de uma doen\u00e7a, a n\u00e3o ser que sejam t\u00e3o persistentes e intensos que induzam incapacidade e sofrimento significativo.<\/p>\n<p>Est\u00e3o identificados alguns sinais de &#8220;alerta&#8221; para o desenvolvimento de uma doen\u00e7a psiqui\u00e1trica, como sejam:<\/p>\n<ul>\n<li>Ansiedade e preocupa\u00e7\u00e3o persistentes<\/li>\n<li>Dificuldade em controlar a preocupa\u00e7\u00e3o<\/li>\n<li>Humor depressivo persistente<\/li>\n<li>Perda de prazer ou interesse nas actividades do quotidiano<\/li>\n<li>Ins\u00f3nia<\/li>\n<li>Altera\u00e7\u00e3o do sono (sono n\u00e3o reparador, pesadelos)<\/li>\n<li>Altera\u00e7\u00e3o do apetite (aumento ou diminui\u00e7\u00e3o)<\/li>\n<li>Isolamento<\/li>\n<li>Fadiga persistente, menor rendimento no trabalho<\/li>\n<li>Dificuldades cognitivas (aten\u00e7\u00e3o, concentra\u00e7\u00e3o, mem\u00f3ria)<\/li>\n<li>Dificuldade em tomar decis\u00f5es e em gerir o tempo<\/li>\n<li>Irritabilidade f\u00e1cil, conflituosidade e problemas familiares<\/li>\n<li>Doen\u00e7as f\u00edsicas relacionadas com o stress<\/li>\n<\/ul>\n<p>Quanto maior o n\u00famero de sintomas bem com a sua intensidade e dura\u00e7\u00e3o no tempo maior a probabilidade de sofrer de uma doen\u00e7a psiqui\u00e1trica.<\/p>\n<p>Existem outro tipo de sintomas que apontam para a presen\u00e7a de doen\u00e7as mais graves como sejam: per\u00edodos de euforia intensa, presen\u00e7a de ideias delirantes (ex: del\u00edrios de tem\u00e1tica persecut\u00f3ria, m\u00edstica, grandiosidade) e alucina\u00e7\u00f5es (ex: ouvir vozes sem estar ningu\u00e9m a falar).<\/p>\n<blockquote>\n<p align=\"left \">Caso detecte a presen\u00e7a de algum dos sintomas acima descritos consulte o seu M\u00e9dico assistente. Esta informa\u00e7\u00e3o apenas se destina a fins de divulga\u00e7\u00e3o ci\u00eantifica e n\u00e3o substitui uma consulta m\u00e9dica.<\/p>\n<\/blockquote>\n<p>&nbsp;<\/p>\n<\/div>\n<\/div>\n<\/div>\n<\/div>\n<p>[\/et_pb_accordion_item][et_pb_accordion_item title=&#8221;Quando pedir ajuda ?&#8221; open=&#8221;off&#8221; _builder_version=&#8221;3.9&#8243; title_text_shadow_horizontal_length=&#8221;0em&#8221; title_text_shadow_vertical_length=&#8221;0em&#8221; title_text_shadow_blur_strength=&#8221;0em&#8221; body_text_shadow_horizontal_length=&#8221;0em&#8221; body_text_shadow_vertical_length=&#8221;0em&#8221; body_text_shadow_blur_strength=&#8221;0em&#8221; use_border_color=&#8221;off&#8221; border_color=&#8221;#ffffff&#8221; border_width=&#8221;1px&#8221; border_style=&#8221;solid&#8221;]<\/p>\n<div class=\"maincolright\">\n<div class=\"cabin\">\n<div class=\"cabtextin\">Perguntas Frequentes<\/div>\n<\/div>\n<div class=\"cabin\"><\/div>\n<div class=\"colleftin\">\n<div class=\"inartwrap\">\n<div class=\"inarttit\">Quando pedir ajuda ?<\/div>\n<div class=\"inarttext\">\n<p>Quando h\u00e1 o aparecimento de sinais de \u201calerta\u201d intensos e persistentes, principalmente quando mais do que um.<br \/>\nQuando estes sintomas perturbam o desempenho das tarefas do quotidiano, isto \u00e9, geram incapacidade.<br \/>\nQuando a presen\u00e7a destes sintomas acarreta um sofrimento significativo para o sujeito.<br \/>\nQuando aparecem doen\u00e7as f\u00edsicas associadas ao stress como: Hipertens\u00e3o, Colite Nervosa, Doen\u00e7as Card\u00edacas, \u00dalcera Duodenal, etc.<\/p>\n<p><strong>O que fazer ?<br \/>\n<\/strong><br \/>\nRecorrer ao M\u00e9dico de Cl\u00ednica Geral, Psic\u00f3logo ou\u00a0Psiquiatra no sentido de obter aconselhamento e se necess\u00e1rio tratamento.<\/p>\n<blockquote>\n<p align=\"left \">Caso detecte a presen\u00e7a de algum dos sintomas acima descritos consulte o seu M\u00e9dico assistente. Esta informa\u00e7\u00e3o apenas se destina a fins de divulga\u00e7\u00e3o ci\u00eantifica e n\u00e3o substitui uma consulta m\u00e9dica.<\/p>\n<p align=\"left \">\n<\/blockquote>\n<\/div>\n<\/div>\n<\/div>\n<\/div>\n<p>[\/et_pb_accordion_item][et_pb_accordion_item title=&#8221;O que \u00e9 a Depress\u00e3o ?&#8221; open=&#8221;off&#8221; _builder_version=&#8221;3.9&#8243; title_text_shadow_horizontal_length=&#8221;0em&#8221; title_text_shadow_vertical_length=&#8221;0em&#8221; title_text_shadow_blur_strength=&#8221;0em&#8221; body_text_shadow_horizontal_length=&#8221;0em&#8221; body_text_shadow_vertical_length=&#8221;0em&#8221; body_text_shadow_blur_strength=&#8221;0em&#8221; use_border_color=&#8221;off&#8221; border_color=&#8221;#ffffff&#8221; border_width=&#8221;1px&#8221; border_style=&#8221;solid&#8221;] A Depress\u00e3o \u00e9 uma doen\u00e7a caracterizada pela presen\u00e7a de humor depressivo e perda de prazer nas actividades do quotidiano.\u00a0Nesta doen\u00e7a s\u00e3o frequentes os sintomas de menos valia, diminui\u00e7\u00e3o da autoestima e altera\u00e7\u00e3o na autoimagem.<\/p>\n<p>&nbsp;<\/p>\n<p>&nbsp;<\/p>\n<p>&nbsp;<\/p>\n<p>S\u00e3o tamb\u00e9m frequentes dificuldades cognitivas a n\u00edvel da mem\u00f3ria, capacidade de concentra\u00e7\u00e3o e aten\u00e7\u00e3o.<\/p>\n<p>Nesta doen\u00e7a al\u00e9m dos sintomas da esfera ps\u00edquica existem tamb\u00e9m sintomas f\u00edsicos como a dor, a\u00a0ins\u00f3nia, perda de apetite, perda de\u00a0peso, lentifica\u00e7\u00e3o psicomotora, etc. Por vezes podem ocorrer ideias e comportamentos suicidas.<\/p>\n<p>Segundo o Prof. Fernandes da Fonseca, a Depress\u00e3o \u00e9 a perda ou abaixamento da iniciativa e da\u00a0 capacidade vital instalando-se no individuo um certo grau de desespero que assenta sobre um sentimento (aparente ou oculto) de culpabilidade e que lhe faz perder o prazer de usufruir da\u00a0 pr\u00f3pria vida.<br \/>\nA Depress\u00e3o \u00e9 uma doen\u00e7a grave que gera incapacidade e sofrimento significativo.<br \/>\nA Depress\u00e3o \u00e9 uma doen\u00e7a com custos elevados para a fam\u00edlia e para a sociedade.<\/p>\n<p>Para saber mais consulte :<br \/>\n<a title=\"Min-Saude depress\u00e3o\" href=\"http:\/\/www.min-saude.pt\/portal\/conteudos\/enciclopedia+da+saude\/saude+mental\/depressao.htm\" target=\"_blank\" rel=\"noopener noreferrer\">http:\/\/www.min-saude.pt\/portal\/conteudos\/enciclopedia+da+saude\/saude+mental\/depressao.htm<br \/>\n<\/a><\/p>\n<blockquote>\n<p align=\"left \">Caso detecte a presen\u00e7a de algum dos sintomas acima descritos consulte o seu M\u00e9dico assistente. Esta informa\u00e7\u00e3o apenas se destina a fins de divulga\u00e7\u00e3o ci\u00eantifica e n\u00e3o substitui uma consulta m\u00e9dica.<\/p>\n<\/blockquote>\n<p>[\/et_pb_accordion_item][et_pb_accordion_item title=&#8221;O que \u00e9 a Distimia ?&#8221; open=&#8221;off&#8221; _builder_version=&#8221;3.9&#8243; title_text_shadow_horizontal_length=&#8221;0em&#8221; title_text_shadow_vertical_length=&#8221;0em&#8221; title_text_shadow_blur_strength=&#8221;0em&#8221; body_text_shadow_horizontal_length=&#8221;0em&#8221; body_text_shadow_vertical_length=&#8221;0em&#8221; body_text_shadow_blur_strength=&#8221;0em&#8221; use_border_color=&#8221;off&#8221; border_color=&#8221;#ffffff&#8221; border_width=&#8221;1px&#8221; border_style=&#8221;solid&#8221;] A Distimia \u00e9 uma doen\u00e7a depressiva em que os sintomas s\u00e3o de baixa intensidade mas muito prolongados no tempo.<\/p>\n<p>&nbsp;<\/p>\n<p>&nbsp;<\/p>\n<p>Por defini\u00e7\u00e3o estes sintomas t\u00eam mais de dois anos de evolu\u00e7\u00e3o.<\/p>\n<blockquote>\n<p align=\"left \">Caso detecte a presen\u00e7a de algum dos sintomas acima descritos consulte o seu M\u00e9dico assistente. Esta informa\u00e7\u00e3o apenas se destina a fins de divulga\u00e7\u00e3o ci\u00eantifica e n\u00e3o substitui uma consulta m\u00e9dica.<\/p>\n<\/blockquote>\n<p>[\/et_pb_accordion_item][et_pb_accordion_item title=&#8221;O que \u00e9 Ansiedade ?&#8221; open=&#8221;off&#8221; _builder_version=&#8221;3.9&#8243; title_text_shadow_horizontal_length=&#8221;0em&#8221; title_text_shadow_vertical_length=&#8221;0em&#8221; title_text_shadow_blur_strength=&#8221;0em&#8221; body_text_shadow_horizontal_length=&#8221;0em&#8221; body_text_shadow_vertical_length=&#8221;0em&#8221; body_text_shadow_blur_strength=&#8221;0em&#8221; use_border_color=&#8221;off&#8221; border_color=&#8221;#ffffff&#8221; border_width=&#8221;1px&#8221; border_style=&#8221;solid&#8221;] A ansiedade \u00e9 uma emo\u00e7\u00e3o normal em todos n\u00f3s. \u00c9 um fen\u00f3meno que permite adaptarmo-nos aos desafios que a vida nos tr\u00e1z. Contudo, muitas vezes esta emo\u00e7\u00e3o torna-se t\u00e3o intensa que impede a pessoa de realizar a sua vida de forma normal. Neste caso estamos perante uma Perturba\u00e7\u00e3o de Ansiedade.<br \/>\nA Ansiedade Patol\u00f3gica \u00e9 definida como um\u00a0temor sem motivo; um sentimento de expectativa inquieta sem que a pessoa possa, precisar a causa. \u00c9 um estado de alerta desproporcionado \u00e1 situa\u00e7\u00e3o que o desencadeia.<\/p>\n<p>&nbsp;<\/p>\n<p>&nbsp;<\/p>\n<p>&nbsp;<\/p>\n<blockquote>\n<p align=\"left \">Caso detecte a presen\u00e7a de algum dos sintomas acima descritos consulte o seu M\u00e9dico assistente. Esta informa\u00e7\u00e3o apenas se destina a fins de divulga\u00e7\u00e3o ci\u00eantifica e n\u00e3o substitui uma consulta m\u00e9dica.<\/p>\n<\/blockquote>\n<p>[\/et_pb_accordion_item][et_pb_accordion_item title=&#8221;O que \u00e9 uma Perturba\u00e7\u00e3o de Ansiedade ?&#8221; open=&#8221;off&#8221; _builder_version=&#8221;3.9&#8243; title_text_shadow_horizontal_length=&#8221;0em&#8221; title_text_shadow_vertical_length=&#8221;0em&#8221; title_text_shadow_blur_strength=&#8221;0em&#8221; body_text_shadow_horizontal_length=&#8221;0em&#8221; body_text_shadow_vertical_length=&#8221;0em&#8221; body_text_shadow_blur_strength=&#8221;0em&#8221; use_border_color=&#8221;off&#8221; border_color=&#8221;#ffffff&#8221; border_width=&#8221;1px&#8221; border_style=&#8221;solid&#8221;] As Perturba\u00e7\u00f5es de Ansiedade s\u00e3o doen\u00e7as caracterizadas pela presen\u00e7a de ansiedade e preocupa\u00e7\u00e3o excessiva e incontrol\u00e1vel, pela presen\u00e7a de sintomas de p\u00e2nico ou pelo aparecimento de sintomas e doen\u00e7as f\u00edsicas relacionadas com a ansiedade.<\/p>\n<p>&nbsp;<\/p>\n<p>&nbsp;<\/p>\n<p>&nbsp;<\/p>\n<p>Estes sintomas da esfera f\u00edsica incluem:\u00a0ins\u00f3nia, diminui\u00e7\u00e3o do apetite, lapsos de mem\u00f3ria, dor, sintomas cardiovasculares e gastrointestinais.<\/p>\n<p>S\u00e3o doen\u00e7as relativamente frequentes que geram marcado sofrimento e incapacidade. Muitas vezes s\u00e3o doen\u00e7as mal compreendidas pelos outros.<br \/>\nAs Perturba\u00e7\u00f5es de Ansiedade podem manifestar-se de uma forma aguda, como uma crise de p\u00e2nico, ou de uma forma muito prolongada no tempo como na Perturba\u00e7\u00e3o de Ansiedade Generalizada.<\/p>\n<p>&nbsp;<\/p>\n<blockquote>\n<p align=\"left \">Caso detecte a presen\u00e7a de algum dos sintomas acima descritos consulte o seu M\u00e9dico assistente. Esta informa\u00e7\u00e3o apenas se destina a fins de divulga\u00e7\u00e3o ci\u00eantifica e n\u00e3o substitui uma consulta m\u00e9dica.<\/p>\n<\/blockquote>\n<p>[\/et_pb_accordion_item][et_pb_accordion_item title=&#8221;O que \u00e9 a Perturba\u00e7\u00e3o de Ansiedade Generalizada ?&#8221; open=&#8221;off&#8221; _builder_version=&#8221;3.9&#8243; title_text_shadow_horizontal_length=&#8221;0em&#8221; title_text_shadow_vertical_length=&#8221;0em&#8221; title_text_shadow_blur_strength=&#8221;0em&#8221; body_text_shadow_horizontal_length=&#8221;0em&#8221; body_text_shadow_vertical_length=&#8221;0em&#8221; body_text_shadow_blur_strength=&#8221;0em&#8221; use_border_color=&#8221;off&#8221; border_color=&#8221;#ffffff&#8221; border_width=&#8221;1px&#8221; border_style=&#8221;solid&#8221;] A Perturba\u00e7\u00e3o de Ansiedade Generalizada ou PAG, \u00e9 uma doen\u00e7a caracterizada pela presen\u00e7a de preocupa\u00e7\u00e3o e ansiedade excessivas em que a pessoa se mostra incapaz de controlar a preocupa\u00e7\u00e3o.<\/p>\n<p>&nbsp;<\/p>\n<p>&nbsp;<\/p>\n<p>&nbsp;<\/p>\n<p>Associados a estes sintomas ps\u00edquicos, a PAG \u00e9 tamb\u00e9m acompanhada por sintomas f\u00edsicos como:\u00a0agita\u00e7\u00e3o, nervosismo ou tens\u00e3o interior;\u00a0fadiga f\u00e1cil,\u00a0dificuldade de concentra\u00e7\u00e3o ou falhas de mem\u00f3ria,\u00a0irritabilidade,\u00a0tens\u00e3o muscular, perturba\u00e7\u00e3o do sono.<br \/>\nEstes sintomas tendem a ter uma evolu\u00e7\u00e3o prolongada no tempo e por defini\u00e7\u00e3o t\u00eam uma dura\u00e7\u00e3o superior a 6 meses.<\/p>\n<p>&nbsp;<\/p>\n<blockquote>\n<p align=\"left \">Caso detecte a presen\u00e7a de algum dos sintomas acima descritos consulte o seu M\u00e9dico assistente. Esta informa\u00e7\u00e3o apenas se destina a fins de divulga\u00e7\u00e3o ci\u00eantifica e n\u00e3o substitui uma consulta m\u00e9dica.<\/p>\n<\/blockquote>\n<p>[\/et_pb_accordion_item][et_pb_accordion_item title=&#8221;O que \u00e9 uma Crise ou Ataque de P\u00e2nico ?&#8221; open=&#8221;off&#8221; _builder_version=&#8221;3.9&#8243; title_text_shadow_horizontal_length=&#8221;0em&#8221; title_text_shadow_vertical_length=&#8221;0em&#8221; title_text_shadow_blur_strength=&#8221;0em&#8221; body_text_shadow_horizontal_length=&#8221;0em&#8221; body_text_shadow_vertical_length=&#8221;0em&#8221; body_text_shadow_blur_strength=&#8221;0em&#8221; use_border_color=&#8221;off&#8221; border_color=&#8221;#ffffff&#8221; border_width=&#8221;1px&#8221; border_style=&#8221;solid&#8221;] Uma crise de p\u00e2nico \u00e9 um per\u00edodo de medo ou desconforto intenso cujo cl\u00edmax \u00e9 atingido em cerca de 10 minutos.<\/p>\n<p>&nbsp;<\/p>\n<p>&nbsp;<\/p>\n<p>&nbsp;<\/p>\n<p>Este epis\u00f3dio \u00e9 geralmente muito intenso e ocorrem os seguintes sintomas : sensa\u00e7\u00e3o de morte iminente,\u00a0palpita\u00e7\u00f5es, taquicardia,\u00a0suores,\u00a0tremores,\u00a0dificuldade em respirar,\u00a0sensa\u00e7\u00e3o de sufoco e\u00a0desconforto ou dor no peito.<\/p>\n<p>Muitas vezes a pessoa est\u00e1 convicta de estar a sofrer um ataque card\u00edaco ou outro tipo de doen\u00e7a f\u00edsica grave.<\/p>\n<p>&nbsp;<\/p>\n<blockquote>\n<p align=\"left \">Caso detecte a presen\u00e7a de algum dos sintomas acima descritos consulte o seu M\u00e9dico assistente. Esta informa\u00e7\u00e3o apenas se destina a fins de divulga\u00e7\u00e3o ci\u00eantifica e n\u00e3o substitui uma consulta m\u00e9dica.<\/p>\n<\/blockquote>\n<p>[\/et_pb_accordion_item][et_pb_accordion_item title=&#8221;O que \u00e9 o Stress ?&#8221; open=&#8221;off&#8221; _builder_version=&#8221;3.9&#8243; title_text_shadow_horizontal_length=&#8221;0em&#8221; title_text_shadow_vertical_length=&#8221;0em&#8221; title_text_shadow_blur_strength=&#8221;0em&#8221; body_text_shadow_horizontal_length=&#8221;0em&#8221; body_text_shadow_vertical_length=&#8221;0em&#8221; body_text_shadow_blur_strength=&#8221;0em&#8221; use_border_color=&#8221;off&#8221; border_color=&#8221;#ffffff&#8221; border_width=&#8221;1px&#8221; border_style=&#8221;solid&#8221;] O stress pode ser definido como press\u00e3o intensa a que uma pessoa \u00e9 submetida por for\u00e7a das suas condi\u00e7\u00f5es de vida.<\/p>\n<p>&nbsp;<\/p>\n<p>&nbsp;<\/p>\n<p>&nbsp;<\/p>\n<p>Uma das principais fontes de stress \u00e9 o trabalho, estando identificadas como\u00a0<strong>principais causas de Stress<\/strong>\u00a0no trabalho :<\/p>\n<ul>\n<li>Sobrecarga de trabalho<\/li>\n<li>Press\u00e3o<\/li>\n<li>Supervis\u00e3o de baixa qualidade<\/li>\n<li>Clima de inseguran\u00e7a<\/li>\n<li>Ambiguidade de papeis<\/li>\n<li>Diferen\u00e7as entre os valores individuais e organizacionais<\/li>\n<li>Frustra\u00e7\u00e3o<\/li>\n<li>Mudan\u00e7as dentro da organiza\u00e7\u00e3o<\/li>\n<li>N\u00e3o evoluir na carreira<\/li>\n<\/ul>\n<p><strong>Consequ\u00eancias do stress:<\/strong><\/p>\n<ul>\n<li>Falta de produtividade<\/li>\n<li>Absentismo<\/li>\n<li>Frustra\u00e7\u00e3o<\/li>\n<li>Doen\u00e7as psiqui\u00e1tricas \u2013 depress\u00e3o \/ ansiedade<\/li>\n<li>Doen\u00e7as f\u00edsicas \u2013 hipertens\u00e3o arterial, \u00falcera g\u00e1strica<\/li>\n<li>Mau desempenho laboral<\/li>\n<li>Problemas financeiros<\/li>\n<li>Diminui\u00e7\u00e3o da qualidade de vida<\/li>\n<\/ul>\n<p>Outra fonte importante de Stress, s\u00e3o muitas vezes as obriga\u00e7\u00f5es familiares e sociais, as dificuldades econ\u00f3micas, o luto, problemas judiciais, entre muitos outros.<\/p>\n<p>&nbsp;<\/p>\n<blockquote>\n<p align=\"left \">Caso detecte a presen\u00e7a de algum dos sintomas acima descritos consulte o seu M\u00e9dico assistente. Esta informa\u00e7\u00e3o apenas se destina a fins de divulga\u00e7\u00e3o ci\u00eantifica e n\u00e3o substitui uma consulta m\u00e9dica.<\/p>\n<\/blockquote>\n<p>[\/et_pb_accordion_item][et_pb_accordion_item title=&#8221;O que \u00e9 o S\u00edndrome de %22Burnout%22 Laboral ?&#8221; open=&#8221;off&#8221; _builder_version=&#8221;3.9&#8243; title_text_shadow_horizontal_length=&#8221;0em&#8221; title_text_shadow_vertical_length=&#8221;0em&#8221; title_text_shadow_blur_strength=&#8221;0em&#8221; body_text_shadow_horizontal_length=&#8221;0em&#8221; body_text_shadow_vertical_length=&#8221;0em&#8221; body_text_shadow_blur_strength=&#8221;0em&#8221; use_border_color=&#8221;off&#8221; border_color=&#8221;#ffffff&#8221; border_width=&#8221;1px&#8221; border_style=&#8221;solid&#8221;] \u00c9 um s\u00edndrome psicol\u00f3gico em que existe exaust\u00e3o emocional, resposta negativa e distanciada aos desafios e reduzida realiza\u00e7\u00e3o profissional.<br \/>\nSegundo Dollard \u00e9 a perda da capacidade de adapta\u00e7\u00e3o provocada pela exposi\u00e7\u00e3o prolongada ao stress\u00a0profissional.<\/p>\n<p>&nbsp;<\/p>\n<p>&nbsp;<\/p>\n<p>&nbsp;<\/p>\n<p>&nbsp;<\/p>\n<blockquote>\n<p align=\"left \">Caso detecte a presen\u00e7a de algum dos sintomas acima descritos consulte o seu M\u00e9dico assistente. Esta informa\u00e7\u00e3o apenas se destina a fins de divulga\u00e7\u00e3o ci\u00eantifica e n\u00e3o substitui uma consulta m\u00e9dica.<\/p>\n<\/blockquote>\n<p>[\/et_pb_accordion_item][et_pb_accordion_item title=&#8221;O que \u00e9 a Doen\u00e7a Bipolar ?&#8221; open=&#8221;off&#8221; _builder_version=&#8221;3.9&#8243; title_text_shadow_horizontal_length=&#8221;0em&#8221; title_text_shadow_vertical_length=&#8221;0em&#8221; title_text_shadow_blur_strength=&#8221;0em&#8221; body_text_shadow_horizontal_length=&#8221;0em&#8221; body_text_shadow_vertical_length=&#8221;0em&#8221; body_text_shadow_blur_strength=&#8221;0em&#8221; use_border_color=&#8221;off&#8221; border_color=&#8221;#ffffff&#8221; border_width=&#8221;1px&#8221; border_style=&#8221;solid&#8221;] A Doen\u00e7a Bipolar \u00e9 uma doen\u00e7a caracterizada pela presen\u00e7a de dois p\u00f3los opostos &#8211; a Mania e a Depress\u00e3o. \u00c9 tamb\u00e9m designada de Perturba\u00e7\u00e3o do Humor pois o que mais est\u00e1 alterado nesta patologia \u00e9 o estado de humor que cicla entre estes dois extremos.<\/p>\n<p>&nbsp;<\/p>\n<p>&nbsp;<\/p>\n<p>&nbsp;<\/p>\n<p>No p\u00f3lo depressivo o doente encontra-se triste, sem energia, sem vontade e muitas vezes isola-se. No p\u00f3lo man\u00edaco o doente apresenta o oposto, euforia, agita\u00e7\u00e3o, perda da necessidade de dormir, desinibi\u00e7\u00e3o e tem muitas ideias e vontade de fazer muitas coisas &#8230;<\/p>\n<p>Na Doen\u00e7a Bipolar podem tamb\u00e9m haver sintomas psic\u00f3ticos que s\u00e3o congruentes com o estado de humor. Nos epis\u00f3dios de depress\u00e3o psic\u00f3tica os del\u00edrios podem envolver tem\u00e1ticas de ru\u00edna ou hipocondria. Nos epis\u00f3dios man\u00edacos os del\u00edrios s\u00e3o geralmente de grandiosidade e megalomania.<\/p>\n<p>Para aprofundar este tema consulte:<br \/>\n<a href=\"http:\/\/www.adeb.pt\/saude_mental\/bipolar\/o_que_e_bipolar.htm\" target=\"_blank\" rel=\"noopener noreferrer\">http:\/\/www.adeb.pt\/saude_mental\/bipolar\/o_que_e_bipolar.htm<\/a><\/p>\n<p>&nbsp;<\/p>\n<blockquote>\n<p align=\"left \">Caso detecte a presen\u00e7a de algum dos sintomas acima descritos consulte o seu M\u00e9dico assistente. Esta informa\u00e7\u00e3o apenas se destina a fins de divulga\u00e7\u00e3o ci\u00eantifica e n\u00e3o substitui uma consulta m\u00e9dica.<\/p>\n<\/blockquote>\n<p>[\/et_pb_accordion_item][et_pb_accordion_item title=&#8221;O que \u00e9 a Esquizofrenia ?&#8221; open=&#8221;off&#8221; _builder_version=&#8221;3.9&#8243; title_text_shadow_horizontal_length=&#8221;0em&#8221; title_text_shadow_vertical_length=&#8221;0em&#8221; title_text_shadow_blur_strength=&#8221;0em&#8221; body_text_shadow_horizontal_length=&#8221;0em&#8221; body_text_shadow_vertical_length=&#8221;0em&#8221; body_text_shadow_blur_strength=&#8221;0em&#8221; use_border_color=&#8221;off&#8221; border_color=&#8221;#ffffff&#8221; border_width=&#8221;1px&#8221; border_style=&#8221;solid&#8221;] A Esquizofrenia \u00e9 uma doen\u00e7a caracterizada pela presen\u00e7a de sintomas psic\u00f3ticos e por\u00a0uma multiplicidade de sintomas que reflectem um vasto leque de disfun\u00e7\u00f5es cognitivas. Nesta doen\u00e7a existem\u00a0anomalias da percep\u00e7\u00e3o, da comunica\u00e7\u00e3o, do comportamento, da\u00a0aten\u00e7\u00e3o, dos afectos e da fun\u00e7\u00e3o motora.<br \/>\nEsta doen\u00e7a \u00e9 caracterizada pela presen\u00e7a de sintomas psic\u00f3ticos como\u00a0Ideias Delirantes e Alucina\u00e7\u00f5es que o doente n\u00e3o reconhece como an\u00f3malos.<\/p>\n<p>&nbsp;<\/p>\n<p>&nbsp;<\/p>\n<p>&nbsp;<\/p>\n<p>Para saber mais consulte :<br \/>\n<a title=\"AEAPE\" href=\"http:\/\/aeape-esquizofrenia.blogspot.com\/2009\/04\/aeape-e-esquizofrenia.html\" target=\"_blank\" rel=\"noopener noreferrer\">http:\/\/aeape-esquizofrenia.blogspot.com\/2009\/04\/aeape-e-esquizofrenia.html<\/a><\/p>\n<p>&nbsp;<\/p>\n<blockquote>\n<p align=\"left \">Caso detecte a presen\u00e7a de algum dos sintomas acima descritos consulte o seu M\u00e9dico assistente. Esta informa\u00e7\u00e3o apenas se destina a fins de divulga\u00e7\u00e3o ci\u00eantifica e n\u00e3o substitui uma consulta m\u00e9dica.<\/p>\n<\/blockquote>\n<p>[\/et_pb_accordion_item][et_pb_accordion_item title=&#8221;O que \u00e9 uma Dem\u00eancia ?&#8221; open=&#8221;off&#8221; _builder_version=&#8221;3.9&#8243; title_text_shadow_horizontal_length=&#8221;0em&#8221; title_text_shadow_vertical_length=&#8221;0em&#8221; title_text_shadow_blur_strength=&#8221;0em&#8221; body_text_shadow_horizontal_length=&#8221;0em&#8221; body_text_shadow_vertical_length=&#8221;0em&#8221; body_text_shadow_blur_strength=&#8221;0em&#8221; use_border_color=&#8221;off&#8221; border_color=&#8221;#ffffff&#8221; border_width=&#8221;1px&#8221; border_style=&#8221;solid&#8221;] Uma Dem\u00eancia \u00e9 uma doen\u00e7a que ocorre nas fases mais tardias da vida. Neste grupo de doen\u00e7as h\u00e1 perda de mem\u00f3ria associada a perda de outras capacidades e compet\u00eancias.<\/p>\n<p>&nbsp;<\/p>\n<p>&nbsp;<\/p>\n<p>&nbsp;<\/p>\n<p>As Dem\u00eancias incluem a Doen\u00e7a de Alzheimer, a Dem\u00eancia Vascular, entre outros tipos menos frequentes (Dem\u00eancia de Corpos de Lewis, Dem\u00eancia Fronto-Temporal).<\/p>\n<p>A Dem\u00eancia vascular \u00e9 causada pelo envelhecimento dos vasos sangu\u00edneos cerebrais e por Acidentes Vasculares Cerebrais (AVC\u00b4s).<\/p>\n<p>&nbsp;<\/p>\n<blockquote>\n<p align=\"left \">Caso detecte a presen\u00e7a de algum dos sintomas acima descritos consulte o seu M\u00e9dico assistente. Esta informa\u00e7\u00e3o apenas se destina a fins de divulga\u00e7\u00e3o ci\u00eantifica e n\u00e3o substitui uma consulta m\u00e9dica.<\/p>\n<\/blockquote>\n<p>[\/et_pb_accordion_item][et_pb_accordion_item title=&#8221;O que \u00e9 a Doen\u00e7a de Alzheimer ?&#8221; open=&#8221;off&#8221; _builder_version=&#8221;3.9&#8243; title_text_shadow_horizontal_length=&#8221;0em&#8221; title_text_shadow_vertical_length=&#8221;0em&#8221; title_text_shadow_blur_strength=&#8221;0em&#8221; body_text_shadow_horizontal_length=&#8221;0em&#8221; body_text_shadow_vertical_length=&#8221;0em&#8221; body_text_shadow_blur_strength=&#8221;0em&#8221; use_border_color=&#8221;off&#8221; border_color=&#8221;#ffffff&#8221; border_width=&#8221;1px&#8221; border_style=&#8221;solid&#8221;] A Doen\u00e7a de Alzheimer \u00e9 um\u00a0s\u00edndrome demencial caracterizado pela perda\u00a0progressiva de fun\u00e7\u00f5es cognitivas.<\/p>\n<p>&nbsp;<\/p>\n<p>&nbsp;<\/p>\n<p>&nbsp;<\/p>\n<p>Nesta doen\u00e7a\u00a0ocorre perda maci\u00e7a da mem\u00f3ria recente, estando nos estad\u00edos iniciais conservada a mem\u00f3ria remota.<\/p>\n<p>A par da perda de mem\u00f3ria existem deficits noutras \u00e1reas como a capacidade de orienta\u00e7\u00e3o no espa\u00e7o e no tempo, perda de prazer nas actividades habituais, dificuldades na\u00a0linguagem, mudan\u00e7a no comportamento, altera\u00e7\u00e3o das fun\u00e7\u00f5es executivas (capacidade de organiza\u00e7\u00e3o e resolu\u00e7\u00e3o de problemas) e altera\u00e7\u00f5es na personalidade.<\/p>\n<p>Para saber mais consulte:<br \/>\n<a href=\"http:\/\/www.min-saude.pt\/portal\/conteudos\/enciclopedia+da+saude\/doencas\/doencas+degenerativas\/oqueeadoencadealzheimer.htm\" target=\"_blank\" rel=\"noopener noreferrer\">http:\/\/www.min-saude.pt\/portal\/conteudos\/enciclopedia+da+saude\/<\/a><\/p>\n<p>&nbsp;<\/p>\n<blockquote>\n<p align=\"left \">Caso detecte a presen\u00e7a de algum dos sintomas acima descritos consulte o seu M\u00e9dico assistente. Esta informa\u00e7\u00e3o apenas se destina a fins de divulga\u00e7\u00e3o ci\u00eantifica e n\u00e3o substitui uma consulta m\u00e9dica.<\/p>\n<\/blockquote>\n<p>[\/et_pb_accordion_item][et_pb_accordion_item title=&#8221;Vai realizar um Exame Neuropsicol\u00f3gico ?&#8221; open=&#8221;off&#8221; _builder_version=&#8221;3.9&#8243; title_text_shadow_horizontal_length=&#8221;0em&#8221; title_text_shadow_vertical_length=&#8221;0em&#8221; title_text_shadow_blur_strength=&#8221;0em&#8221; body_text_shadow_horizontal_length=&#8221;0em&#8221; body_text_shadow_vertical_length=&#8221;0em&#8221; body_text_shadow_blur_strength=&#8221;0em&#8221; use_border_color=&#8221;off&#8221; border_color=&#8221;#ffffff&#8221; border_width=&#8221;1px&#8221; border_style=&#8221;solid&#8221; use_background_color_gradient=&#8221;off&#8221; background_color_gradient_start=&#8221;#2b87da&#8221; background_color_gradient_end=&#8221;#29c4a9&#8243; background_color_gradient_type=&#8221;linear&#8221; background_color_gradient_direction=&#8221;180deg&#8221; background_color_gradient_direction_radial=&#8221;center&#8221; background_color_gradient_start_position=&#8221;0%&#8221; background_color_gradient_end_position=&#8221;100%&#8221; background_color_gradient_overlays_image=&#8221;off&#8221; parallax=&#8221;off&#8221; parallax_method=&#8221;on&#8221; background_size=&#8221;cover&#8221; background_position=&#8221;center&#8221; background_repeat=&#8221;no-repeat&#8221; background_blend=&#8221;normal&#8221; allow_player_pause=&#8221;off&#8221; background_video_pause_outside_viewport=&#8221;on&#8221; text_shadow_style=&#8221;none&#8221; box_shadow_style=&#8221;none&#8221;]<\/p>\n<p>Consulte aqui as instru\u00e7\u00f5es:<br \/>\n<a href=\"https:\/\/egoclinic.pt\/PT\/2011\/03\/avaliacao-neuropsicologica-instrucoes\/\">Avalia\u00e7\u00e3o Neuropsicol\u00f3gica \u2013 Instru\u00e7\u00f5es<\/a><\/p>\n<p>&nbsp;<\/p>\n<p>&nbsp;<\/p>\n<p>&nbsp;<\/p>\n<p>&nbsp;<\/p>\n<blockquote>\n<p align=\"left \">Caso detecte a presen\u00e7a de algum dos sintomas acima descritos consulte o seu M\u00e9dico assistente. Esta informa\u00e7\u00e3o apenas se destina a fins de divulga\u00e7\u00e3o ci\u00eantifica e n\u00e3o substitui uma consulta m\u00e9dica.<\/p>\n<\/blockquote>\n<p>[\/et_pb_accordion_item][\/et_pb_accordion][et_pb_text _builder_version=&#8221;3.0.87&#8243; background_size=&#8221;initial&#8221; background_position=&#8221;top_left&#8221; background_repeat=&#8221;repeat&#8221; use_border_color=&#8221;off&#8221; border_style=&#8221;solid&#8221;]<\/p>\n<blockquote>\n<p align=\"left \">Caso detecte a presen\u00e7a de algum dos sintomas acima descritos consulte o seu M\u00e9dico assistente. Esta informa\u00e7\u00e3o apenas se destina a fins de divulga\u00e7\u00e3o ci\u00eantifica e n\u00e3o substitui uma consulta m\u00e9dica.<\/p>\n<\/blockquote>\n<p>[\/et_pb_text][\/et_pb_column][\/et_pb_row][\/et_pb_section]<\/p>\n","protected":false},"excerpt":{"rendered":"<p>&nbsp; Na sociedade actual e sob o stress a que todos estamos sujeitos, s\u00e3o frequentes queixas do foro psiqui\u00e1trico como a ins\u00f3nia, a ansiedade, a falta de concentra\u00e7\u00e3o, as dificuldades na mem\u00f3ria, o cansa\u00e7o excessivo, a falta de motiva\u00e7\u00e3o, o humor depressivo, etc. Nem sempre a presen\u00e7a destes sintomas reflecte a presen\u00e7a de uma doen\u00e7a, [&hellip;]<\/p>\n","protected":false},"author":1,"featured_media":0,"parent":0,"menu_order":0,"comment_status":"closed","ping_status":"closed","template":"","meta":{"_et_pb_use_builder":"on","_et_pb_old_content":"","_et_gb_content_width":"","footnotes":""},"class_list":["post-28449","page","type-page","status-publish","hentry"],"_links":{"self":[{"href":"https:\/\/egoclinic.pt\/PT\/wp-json\/wp\/v2\/pages\/28449","targetHints":{"allow":["GET"]}}],"collection":[{"href":"https:\/\/egoclinic.pt\/PT\/wp-json\/wp\/v2\/pages"}],"about":[{"href":"https:\/\/egoclinic.pt\/PT\/wp-json\/wp\/v2\/types\/page"}],"author":[{"embeddable":true,"href":"https:\/\/egoclinic.pt\/PT\/wp-json\/wp\/v2\/users\/1"}],"replies":[{"embeddable":true,"href":"https:\/\/egoclinic.pt\/PT\/wp-json\/wp\/v2\/comments?post=28449"}],"version-history":[{"count":5,"href":"https:\/\/egoclinic.pt\/PT\/wp-json\/wp\/v2\/pages\/28449\/revisions"}],"predecessor-version":[{"id":29574,"href":"https:\/\/egoclinic.pt\/PT\/wp-json\/wp\/v2\/pages\/28449\/revisions\/29574"}],"wp:attachment":[{"href":"https:\/\/egoclinic.pt\/PT\/wp-json\/wp\/v2\/media?parent=28449"}],"curies":[{"name":"wp","href":"https:\/\/api.w.org\/{rel}","templated":true}]}}